{"id":314,"date":"2011-10-04T09:31:46","date_gmt":"2011-10-04T09:31:46","guid":{"rendered":"http:\/\/www.recherche-corse.fr\/?page_id=314"},"modified":"2011-10-07T12:17:28","modified_gmt":"2011-10-07T12:17:28","slug":"gem","status":"publish","type":"page","link":"https:\/\/www.recherche-corse.fr\/?page_id=314","title":{"rendered":"7 &#8211; LE PROJET GESTION ET VALORISATION DES EAUX EN M\u00c9DITERRAN\u00c9E (GEM)"},"content":{"rendered":"<blockquote>\n<div class=\"mceTemp\" style=\"text-align: center;\">\n<dl id=\"attachment_486\" class=\"wp-caption alignright\" style=\"width: 280px;\">\n<dt class=\"wp-caption-dt\"><a href=\"http:\/\/www.recherche-corse.fr\/wp-content\/uploads\/2011\/10\/7-GEM.jpg\"><img loading=\"lazy\" decoding=\"async\" class=\"size-full wp-image-486 \" title=\"7-GEM\" src=\"http:\/\/www.recherche-corse.fr\/wp-content\/uploads\/2011\/10\/7-GEM.jpg\" alt=\"\" width=\"270\" height=\"640\" \/><\/a><\/dt>\n<dd class=\"wp-caption-dd\"><a href=\"http:\/\/www.recherche-corse.fr\/wp-content\/uploads\/2011\/10\/7-GEM.pdf\">T\u00c9L\u00c9CHARGER LE PDF<\/a><\/dd>\n<\/dl>\n<\/div>\n<p><strong>La question de l\u2019eau est aujourd\u2019hui devenue un enjeu strat\u00e9gique mondial qui concerne aussi bien les populations humaines que les bouleversements occasionn\u00e9s sur la biodiversit\u00e9. Afin de permettre une gestion \u00e9quilibr\u00e9e et donc ma\u00eetris\u00e9e de la ressource, ce projet a pour objectif l\u2019\u00e9laboration et la mise \u00e0 disposition d\u2019outils d\u2019aide \u00e0 la d\u00e9cision des politiques publiques r\u00e9gionales. Les grands domaines de recherche sont les suivants.<\/strong><\/p><\/blockquote>\n<h4>EN BIOLOGIE<\/h4>\n<ul>\n<li>suivi \u00e0 long terme des communaut\u00e9s parasitaires chez les poissons des diff\u00e9rents \u00e9tangs de la plaine orientale, en rivi\u00e8re et en mer ;<\/li>\n<\/ul>\n<ul>\n<li>identification, description et \u00e9tude de leur reproduction en microscopie \u00e9lectronique ;<\/li>\n<\/ul>\n<ul>\n<li>mod\u00e9lisation de l&rsquo;impact des facteurs abiotiques dans les hydrosyst\u00e8mes insulaires (pollutions par l&rsquo;arsenic, etc.) ;<\/li>\n<\/ul>\n<ul>\n<li>\u00e9tude de la biodiversit\u00e9 des eaux douces de Corse (end\u00e9misme et menaces) ;<\/li>\n<\/ul>\n<ul>\n<li>caract\u00e9risation des communaut\u00e9s phytoplanctoniques en Corse (lagune et mer) ;<\/li>\n<\/ul>\n<ul>\n<li>description de bio-indicateurs de l&rsquo;anthropisation des principaux hydrosyst\u00e8mes de Corse, temporaires ou permanents ;<\/li>\n<\/ul>\n<ul>\n<li>am\u00e9lioration des connaissances relatives \u00e0 l\u2019apparition et aux d\u00e9veloppements de cyanobact\u00e9ries dans les retenues d\u2019eau douce (barrage) afin de les utiliser comme bio indicateurs des changements climatiques et d\u2019\u00e9valuer, pr\u00e9venir et ma\u00eetriser les risques pour la sant\u00e9 humaine.<br \/>\n<h4><\/h4>\n<\/li>\n<\/ul>\n<h4>EN G\u00c9OLOGIE<\/h4>\n<ul>\n<li>connaissance exhaustive des processus d\u00e9terminant la qualit\u00e9 et le r\u00e9gime des\u00a0 eaux souterraines pour une gestion durable de la ressource.<\/li>\n<\/ul>\n","protected":false},"excerpt":{"rendered":"<p>T\u00c9L\u00c9CHARGER LE PDF La question de l\u2019eau est aujourd\u2019hui devenue un enjeu strat\u00e9gique mondial qui concerne aussi bien les populations humaines que les bouleversements occasionn\u00e9s sur la biodiversit\u00e9. Afin de permettre une gestion \u00e9quilibr\u00e9e et donc ma\u00eetris\u00e9e de la ressource, ce projet a pour objectif l\u2019\u00e9laboration et la mise \u00e0 disposition d\u2019outils d\u2019aide \u00e0 la [&hellip;]<\/p>\n","protected":false},"author":1,"featured_media":0,"parent":0,"menu_order":7,"comment_status":"closed","ping_status":"closed","template":"","meta":{"footnotes":""},"class_list":["post-314","page","type-page","status-publish","hentry"],"_links":{"self":[{"href":"https:\/\/www.recherche-corse.fr\/index.php?rest_route=\/wp\/v2\/pages\/314","targetHints":{"allow":["GET"]}}],"collection":[{"href":"https:\/\/www.recherche-corse.fr\/index.php?rest_route=\/wp\/v2\/pages"}],"about":[{"href":"https:\/\/www.recherche-corse.fr\/index.php?rest_route=\/wp\/v2\/types\/page"}],"author":[{"embeddable":true,"href":"https:\/\/www.recherche-corse.fr\/index.php?rest_route=\/wp\/v2\/users\/1"}],"replies":[{"embeddable":true,"href":"https:\/\/www.recherche-corse.fr\/index.php?rest_route=%2Fwp%2Fv2%2Fcomments&post=314"}],"version-history":[{"count":14,"href":"https:\/\/www.recherche-corse.fr\/index.php?rest_route=\/wp\/v2\/pages\/314\/revisions"}],"predecessor-version":[{"id":383,"href":"https:\/\/www.recherche-corse.fr\/index.php?rest_route=\/wp\/v2\/pages\/314\/revisions\/383"}],"wp:attachment":[{"href":"https:\/\/www.recherche-corse.fr\/index.php?rest_route=%2Fwp%2Fv2%2Fmedia&parent=314"}],"curies":[{"name":"wp","href":"https:\/\/api.w.org\/{rel}","templated":true}]}}